{"id":5110,"date":"2026-02-18T12:22:19","date_gmt":"2026-02-18T11:22:19","guid":{"rendered":"https:\/\/aleasalut.com\/?page_id=5110"},"modified":"2026-02-18T15:55:46","modified_gmt":"2026-02-18T14:55:46","slug":"sessio-de-mantra","status":"publish","type":"page","link":"https:\/\/aleasalut.com\/es\/portfolio\/sessio-de-mantra\/","title":{"rendered":"Sessi\u00f3 de Mantra"},"content":{"rendered":"<div data-elementor-type=\"wp-page\" data-elementor-id=\"5110\" class=\"elementor elementor-5110\" data-elementor-post-type=\"page\">\n\t\t\t\t<div class=\"elementor-element elementor-element-3c27b7f e-flex e-con-boxed e-con e-parent\" data-id=\"3c27b7f\" data-element_type=\"container\" data-e-type=\"container\" data-settings=\"{&quot;background_background&quot;:&quot;classic&quot;}\">\n\t\t\t\t\t<div class=\"e-con-inner\">\n\t\t\t\t<div class=\"elementor-element elementor-element-a319e94 elementor-widget elementor-widget-heading\" data-id=\"a319e94\" data-element_type=\"widget\" data-e-type=\"widget\" data-widget_type=\"heading.default\">\n\t\t\t\t<div class=\"elementor-widget-container\">\n\t\t\t\t\t<h3 class=\"elementor-heading-title elementor-size-default\"><a href=\"https:\/\/aleasalut.com\/es\/esdeveniments\/\">Eventos<\/a><\/h3>\t\t\t\t<\/div>\n\t\t\t\t<\/div>\n\t\t\t\t\t<\/div>\n\t\t\t\t<\/div>\n\t\t<div class=\"elementor-element elementor-element-4c95850 e-grid e-con-boxed e-con e-parent\" data-id=\"4c95850\" data-element_type=\"container\" data-e-type=\"container\" data-settings=\"{&quot;background_background&quot;:&quot;classic&quot;}\">\n\t\t\t\t\t<div class=\"e-con-inner\">\n\t\t\t\t<div class=\"elementor-element elementor-element-330ea00 elementor-widget elementor-widget-image\" data-id=\"330ea00\" data-element_type=\"widget\" data-e-type=\"widget\" data-widget_type=\"image.default\">\n\t\t\t\t<div class=\"elementor-widget-container\">\n\t\t\t\t\t\t\t\t\t\t\t\t\t\t\t<img fetchpriority=\"high\" decoding=\"async\" width=\"768\" height=\"960\" src=\"https:\/\/aleasalut.com\/wp-content\/uploads\/2026\/02\/Post-IG-Publicacio-dInstagram-45-1-768x960.jpg\" class=\"attachment-medium_large size-medium_large wp-image-5112\" alt=\"\" srcset=\"https:\/\/aleasalut.com\/wp-content\/uploads\/2026\/02\/Post-IG-Publicacio-dInstagram-45-1-768x960.jpg 768w, https:\/\/aleasalut.com\/wp-content\/uploads\/2026\/02\/Post-IG-Publicacio-dInstagram-45-1-240x300.jpg 240w, https:\/\/aleasalut.com\/wp-content\/uploads\/2026\/02\/Post-IG-Publicacio-dInstagram-45-1-819x1024.jpg 819w, https:\/\/aleasalut.com\/wp-content\/uploads\/2026\/02\/Post-IG-Publicacio-dInstagram-45-1-10x12.jpg 10w, https:\/\/aleasalut.com\/wp-content\/uploads\/2026\/02\/Post-IG-Publicacio-dInstagram-45-1.jpg 1080w\" sizes=\"(max-width: 768px) 100vw, 768px\" \/>\t\t\t\t\t\t\t\t\t\t\t\t\t\t\t<\/div>\n\t\t\t\t<\/div>\n\t\t<div class=\"elementor-element elementor-element-4a0466b e-grid e-con-full e-con e-child\" data-id=\"4a0466b\" data-element_type=\"container\" data-e-type=\"container\">\n\t\t\t\t<div class=\"elementor-element elementor-element-cfa327a elementor-widget elementor-widget-text-editor\" data-id=\"cfa327a\" data-element_type=\"widget\" data-e-type=\"widget\" data-widget_type=\"text-editor.default\">\n\t\t\t\t<div class=\"elementor-widget-container\">\n\t\t\t\t\t\t\t\t\t<h3 style=\"text-align: center;\">SESSI\u00d3 DE MANTRA<\/h3><p style=\"text-align: center;\">Concert de m\u00fasica mantra a c\u00e0rrec de la <strong>cantant i compositora Olga Pes<\/strong>.\u00a0<span style=\"font-size: 1rem;\">\u00a0Una proposta sonora \u00edntima i transformadora per escoltar amb el cor obert i tamb\u00e9 per participar activament a trav\u00e9s del cant col\u00b7lectiu. Una experi\u00e8ncia compartida on la veu esdev\u00e9 pont entre les persones, creant un espai de connexi\u00f3, calma i comunitat.<\/span><\/p><p data-start=\"328\" data-end=\"683\" data-is-last-node=\"\" data-is-only-node=\"\">A trav\u00e9s de melodies meditatives i repeticions conscients, utilitzarem la veu com a eina d\u2019atenci\u00f3 plena, pres\u00e8ncia i pr\u00e0ctica contemplativa, permetent que el so ens gui\u00ef cap a un estat de quietud interior i expansi\u00f3. Una invitaci\u00f3 a deixar-se portar per la vibraci\u00f3, harmonitzar cos i ment i viure la m\u00fasica com una experi\u00e8ncia profunda i transformadora.<\/p><h5>\u00a0<\/h5><h5 style=\"text-align: center;\">Preu: 12\u20ac \/ 8\u20ac per alumnes amb abonament actiu<\/h5><p>Dia &#8211; 14 de mar\u00e7 de 2026<\/p><p>Hora &#8211; 18:30 a 20:00<\/p><p>Lloc &#8211; Pss. de la Sort, 34. TORREDEMBARRA<\/p><p>\u00a0<\/p>\t\t\t\t\t\t\t\t<\/div>\n\t\t\t\t<\/div>\n\t\t\t\t<\/div>\n\t\t\t\t\t<\/div>\n\t\t\t\t<\/div>\n\t\t<div class=\"elementor-element elementor-element-59cad5b e-con-full e-flex e-con e-parent\" data-id=\"59cad5b\" data-element_type=\"container\" data-e-type=\"container\" data-settings=\"{&quot;background_background&quot;:&quot;classic&quot;}\">\n\t\t\t\t<div class=\"elementor-element elementor-element-a137cf1 elementor-align-justify elementor-widget__width-inherit elementor-widget elementor-widget-button\" data-id=\"a137cf1\" data-element_type=\"widget\" data-e-type=\"widget\" data-widget_type=\"button.default\">\n\t\t\t\t<div class=\"elementor-widget-container\">\n\t\t\t\t\t\t\t\t\t<div class=\"elementor-button-wrapper\">\n\t\t\t\t\t<a class=\"elementor-button elementor-button-link elementor-size-sm\" href=\"https:\/\/docs.google.com\/forms\/d\/e\/1FAIpQLSfO1rhHWASP5AIO6PxnaXoN3dbM9RTyw6qSsCEmLqZrqs0xLg\/viewform?usp=dialog\">\n\t\t\t\t\t\t<span class=\"elementor-button-content-wrapper\">\n\t\t\t\t\t\t\t\t\t<span class=\"elementor-button-text\">Reserva pla\u00e7a<\/span>\n\t\t\t\t\t<\/span>\n\t\t\t\t\t<\/a>\n\t\t\t\t<\/div>\n\t\t\t\t\t\t\t\t<\/div>\n\t\t\t\t<\/div>\n\t\t\t\t<\/div>\n\t\t\t\t<\/div>","protected":false},"excerpt":{"rendered":"<p>Esdeveniments SESSI\u00d3 DE MANTRA Concert de m\u00fasica mantra a c\u00e0rrec de la cantant i compositora Olga Pes.\u00a0\u00a0Una proposta sonora \u00edntima i transformadora per escoltar amb el cor obert i tamb\u00e9 per participar activament a trav\u00e9s del cant col\u00b7lectiu. Una experi\u00e8ncia compartida on la veu esdev\u00e9 pont entre les persones, creant un espai de connexi\u00f3, calma [&hellip;]<\/p>\n","protected":false},"author":4,"featured_media":0,"parent":5108,"menu_order":0,"comment_status":"closed","ping_status":"closed","template":"","meta":{"_acf_changed":false,"footnotes":""},"class_list":["post-5110","page","type-page","status-publish","hentry"],"acf":[],"yoast_head":"<!-- This site is optimized with the Yoast SEO plugin v27.5 - https:\/\/yoast.com\/product\/yoast-seo-wordpress\/ -->\n<title>Sessi\u00f3 de Mantra - Alea<\/title>\n<meta name=\"robots\" content=\"index, follow, max-snippet:-1, max-image-preview:large, max-video-preview:-1\" \/>\n<link rel=\"canonical\" href=\"https:\/\/aleasalut.com\/es\/portfolio\/sessio-de-mantra\/\" \/>\n<meta property=\"og:locale\" content=\"es_ES\" \/>\n<meta property=\"og:type\" content=\"article\" \/>\n<meta property=\"og:title\" content=\"Sessi\u00f3 de Mantra - Alea\" \/>\n<meta property=\"og:description\" content=\"Esdeveniments SESSI\u00d3 DE MANTRA Concert de m\u00fasica mantra a c\u00e0rrec de la cantant i compositora Olga Pes.\u00a0\u00a0Una proposta sonora \u00edntima i transformadora per escoltar amb el cor obert i tamb\u00e9 per participar activament a trav\u00e9s del cant col\u00b7lectiu. Una experi\u00e8ncia compartida on la veu esdev\u00e9 pont entre les persones, creant un espai de connexi\u00f3, calma [&hellip;]\" \/>\n<meta property=\"og:url\" content=\"https:\/\/aleasalut.com\/es\/portfolio\/sessio-de-mantra\/\" \/>\n<meta property=\"og:site_name\" content=\"Alea\" \/>\n<meta property=\"article:modified_time\" content=\"2026-02-18T14:55:46+00:00\" \/>\n<meta property=\"og:image\" content=\"https:\/\/aleasalut.com\/wp-content\/uploads\/2026\/02\/Post-IG-Publicacio-dInstagram-45-1.jpg\" \/>\n\t<meta property=\"og:image:width\" content=\"1080\" \/>\n\t<meta property=\"og:image:height\" content=\"1350\" \/>\n\t<meta property=\"og:image:type\" content=\"image\/jpeg\" \/>\n<meta name=\"twitter:card\" content=\"summary_large_image\" \/>\n<meta name=\"twitter:label1\" content=\"Tiempo de lectura\" \/>\n\t<meta name=\"twitter:data1\" content=\"1 minuto\" \/>\n<script type=\"application\/ld+json\" class=\"yoast-schema-graph\">{\"@context\":\"https:\\\/\\\/schema.org\",\"@graph\":[{\"@type\":\"WebPage\",\"@id\":\"https:\\\/\\\/aleasalut.com\\\/portfolio\\\/sessio-de-mantra\\\/\",\"url\":\"https:\\\/\\\/aleasalut.com\\\/portfolio\\\/sessio-de-mantra\\\/\",\"name\":\"Sessi\u00f3 de Mantra - Alea\",\"isPartOf\":{\"@id\":\"https:\\\/\\\/aleasalut.com\\\/#website\"},\"primaryImageOfPage\":{\"@id\":\"https:\\\/\\\/aleasalut.com\\\/portfolio\\\/sessio-de-mantra\\\/#primaryimage\"},\"image\":{\"@id\":\"https:\\\/\\\/aleasalut.com\\\/portfolio\\\/sessio-de-mantra\\\/#primaryimage\"},\"thumbnailUrl\":\"https:\\\/\\\/aleasalut.com\\\/wp-content\\\/uploads\\\/2026\\\/02\\\/Post-IG-Publicacio-dInstagram-45-1-768x960.jpg\",\"datePublished\":\"2026-02-18T11:22:19+00:00\",\"dateModified\":\"2026-02-18T14:55:46+00:00\",\"breadcrumb\":{\"@id\":\"https:\\\/\\\/aleasalut.com\\\/portfolio\\\/sessio-de-mantra\\\/#breadcrumb\"},\"inLanguage\":\"es\",\"potentialAction\":[{\"@type\":\"ReadAction\",\"target\":[\"https:\\\/\\\/aleasalut.com\\\/portfolio\\\/sessio-de-mantra\\\/\"]}]},{\"@type\":\"ImageObject\",\"inLanguage\":\"es\",\"@id\":\"https:\\\/\\\/aleasalut.com\\\/portfolio\\\/sessio-de-mantra\\\/#primaryimage\",\"url\":\"https:\\\/\\\/aleasalut.com\\\/wp-content\\\/uploads\\\/2026\\\/02\\\/Post-IG-Publicacio-dInstagram-45-1-768x960.jpg\",\"contentUrl\":\"https:\\\/\\\/aleasalut.com\\\/wp-content\\\/uploads\\\/2026\\\/02\\\/Post-IG-Publicacio-dInstagram-45-1-768x960.jpg\"},{\"@type\":\"BreadcrumbList\",\"@id\":\"https:\\\/\\\/aleasalut.com\\\/portfolio\\\/sessio-de-mantra\\\/#breadcrumb\",\"itemListElement\":[{\"@type\":\"ListItem\",\"position\":1,\"name\":\"Inici\",\"item\":\"https:\\\/\\\/aleasalut.com\\\/\"},{\"@type\":\"ListItem\",\"position\":2,\"name\":\"Portfolio\",\"item\":\"https:\\\/\\\/aleasalut.com\\\/portfolio\\\/\"},{\"@type\":\"ListItem\",\"position\":3,\"name\":\"Sessi\u00f3 de Mantra\"}]},{\"@type\":\"WebSite\",\"@id\":\"https:\\\/\\\/aleasalut.com\\\/#website\",\"url\":\"https:\\\/\\\/aleasalut.com\\\/\",\"name\":\"Alea\",\"description\":\"\",\"publisher\":{\"@id\":\"https:\\\/\\\/aleasalut.com\\\/#organization\"},\"potentialAction\":[{\"@type\":\"SearchAction\",\"target\":{\"@type\":\"EntryPoint\",\"urlTemplate\":\"https:\\\/\\\/aleasalut.com\\\/?s={search_term_string}\"},\"query-input\":{\"@type\":\"PropertyValueSpecification\",\"valueRequired\":true,\"valueName\":\"search_term_string\"}}],\"inLanguage\":\"es\"},{\"@type\":\"Organization\",\"@id\":\"https:\\\/\\\/aleasalut.com\\\/#organization\",\"name\":\"Alea\",\"url\":\"https:\\\/\\\/aleasalut.com\\\/\",\"logo\":{\"@type\":\"ImageObject\",\"inLanguage\":\"es\",\"@id\":\"https:\\\/\\\/aleasalut.com\\\/#\\\/schema\\\/logo\\\/image\\\/\",\"url\":\"https:\\\/\\\/aleasalut.com\\\/wp-content\\\/uploads\\\/2024\\\/07\\\/ALEA-B_logo_h.png\",\"contentUrl\":\"https:\\\/\\\/aleasalut.com\\\/wp-content\\\/uploads\\\/2024\\\/07\\\/ALEA-B_logo_h.png\",\"width\":707,\"height\":304,\"caption\":\"Alea\"},\"image\":{\"@id\":\"https:\\\/\\\/aleasalut.com\\\/#\\\/schema\\\/logo\\\/image\\\/\"}}]}<\/script>\n<!-- \/ Yoast SEO plugin. -->","yoast_head_json":{"title":"Sessi\u00f3 de Mantra - Alea","robots":{"index":"index","follow":"follow","max-snippet":"max-snippet:-1","max-image-preview":"max-image-preview:large","max-video-preview":"max-video-preview:-1"},"canonical":"https:\/\/aleasalut.com\/es\/portfolio\/sessio-de-mantra\/","og_locale":"es_ES","og_type":"article","og_title":"Sessi\u00f3 de Mantra - Alea","og_description":"Esdeveniments SESSI\u00d3 DE MANTRA Concert de m\u00fasica mantra a c\u00e0rrec de la cantant i compositora Olga Pes.\u00a0\u00a0Una proposta sonora \u00edntima i transformadora per escoltar amb el cor obert i tamb\u00e9 per participar activament a trav\u00e9s del cant col\u00b7lectiu. Una experi\u00e8ncia compartida on la veu esdev\u00e9 pont entre les persones, creant un espai de connexi\u00f3, calma [&hellip;]","og_url":"https:\/\/aleasalut.com\/es\/portfolio\/sessio-de-mantra\/","og_site_name":"Alea","article_modified_time":"2026-02-18T14:55:46+00:00","og_image":[{"width":1080,"height":1350,"url":"https:\/\/aleasalut.com\/wp-content\/uploads\/2026\/02\/Post-IG-Publicacio-dInstagram-45-1.jpg","type":"image\/jpeg"}],"twitter_card":"summary_large_image","twitter_misc":{"Tiempo de lectura":"1 minuto"},"schema":{"@context":"https:\/\/schema.org","@graph":[{"@type":"WebPage","@id":"https:\/\/aleasalut.com\/portfolio\/sessio-de-mantra\/","url":"https:\/\/aleasalut.com\/portfolio\/sessio-de-mantra\/","name":"Sessi\u00f3 de Mantra - Alea","isPartOf":{"@id":"https:\/\/aleasalut.com\/#website"},"primaryImageOfPage":{"@id":"https:\/\/aleasalut.com\/portfolio\/sessio-de-mantra\/#primaryimage"},"image":{"@id":"https:\/\/aleasalut.com\/portfolio\/sessio-de-mantra\/#primaryimage"},"thumbnailUrl":"https:\/\/aleasalut.com\/wp-content\/uploads\/2026\/02\/Post-IG-Publicacio-dInstagram-45-1-768x960.jpg","datePublished":"2026-02-18T11:22:19+00:00","dateModified":"2026-02-18T14:55:46+00:00","breadcrumb":{"@id":"https:\/\/aleasalut.com\/portfolio\/sessio-de-mantra\/#breadcrumb"},"inLanguage":"es","potentialAction":[{"@type":"ReadAction","target":["https:\/\/aleasalut.com\/portfolio\/sessio-de-mantra\/"]}]},{"@type":"ImageObject","inLanguage":"es","@id":"https:\/\/aleasalut.com\/portfolio\/sessio-de-mantra\/#primaryimage","url":"https:\/\/aleasalut.com\/wp-content\/uploads\/2026\/02\/Post-IG-Publicacio-dInstagram-45-1-768x960.jpg","contentUrl":"https:\/\/aleasalut.com\/wp-content\/uploads\/2026\/02\/Post-IG-Publicacio-dInstagram-45-1-768x960.jpg"},{"@type":"BreadcrumbList","@id":"https:\/\/aleasalut.com\/portfolio\/sessio-de-mantra\/#breadcrumb","itemListElement":[{"@type":"ListItem","position":1,"name":"Inici","item":"https:\/\/aleasalut.com\/"},{"@type":"ListItem","position":2,"name":"Portfolio","item":"https:\/\/aleasalut.com\/portfolio\/"},{"@type":"ListItem","position":3,"name":"Sessi\u00f3 de Mantra"}]},{"@type":"WebSite","@id":"https:\/\/aleasalut.com\/#website","url":"https:\/\/aleasalut.com\/","name":"Alea","description":"","publisher":{"@id":"https:\/\/aleasalut.com\/#organization"},"potentialAction":[{"@type":"SearchAction","target":{"@type":"EntryPoint","urlTemplate":"https:\/\/aleasalut.com\/?s={search_term_string}"},"query-input":{"@type":"PropertyValueSpecification","valueRequired":true,"valueName":"search_term_string"}}],"inLanguage":"es"},{"@type":"Organization","@id":"https:\/\/aleasalut.com\/#organization","name":"Alea","url":"https:\/\/aleasalut.com\/","logo":{"@type":"ImageObject","inLanguage":"es","@id":"https:\/\/aleasalut.com\/#\/schema\/logo\/image\/","url":"https:\/\/aleasalut.com\/wp-content\/uploads\/2024\/07\/ALEA-B_logo_h.png","contentUrl":"https:\/\/aleasalut.com\/wp-content\/uploads\/2024\/07\/ALEA-B_logo_h.png","width":707,"height":304,"caption":"Alea"},"image":{"@id":"https:\/\/aleasalut.com\/#\/schema\/logo\/image\/"}}]}},"_links":{"self":[{"href":"https:\/\/aleasalut.com\/es\/wp-json\/wp\/v2\/pages\/5110","targetHints":{"allow":["GET"]}}],"collection":[{"href":"https:\/\/aleasalut.com\/es\/wp-json\/wp\/v2\/pages"}],"about":[{"href":"https:\/\/aleasalut.com\/es\/wp-json\/wp\/v2\/types\/page"}],"author":[{"embeddable":true,"href":"https:\/\/aleasalut.com\/es\/wp-json\/wp\/v2\/users\/4"}],"replies":[{"embeddable":true,"href":"https:\/\/aleasalut.com\/es\/wp-json\/wp\/v2\/comments?post=5110"}],"version-history":[{"count":31,"href":"https:\/\/aleasalut.com\/es\/wp-json\/wp\/v2\/pages\/5110\/revisions"}],"predecessor-version":[{"id":5242,"href":"https:\/\/aleasalut.com\/es\/wp-json\/wp\/v2\/pages\/5110\/revisions\/5242"}],"up":[{"embeddable":true,"href":"https:\/\/aleasalut.com\/es\/wp-json\/wp\/v2\/pages\/5108"}],"wp:attachment":[{"href":"https:\/\/aleasalut.com\/es\/wp-json\/wp\/v2\/media?parent=5110"}],"curies":[{"name":"wp","href":"https:\/\/api.w.org\/{rel}","templated":true}]}}